{"id":4683,"date":"2022-05-17T23:43:07","date_gmt":"2022-05-17T21:43:07","guid":{"rendered":"https:\/\/flamenco-geneve.ch\/?page_id=4683"},"modified":"2026-02-11T19:33:37","modified_gmt":"2026-02-11T17:33:37","slug":"tablaos-spectacles","status":"publish","type":"page","link":"https:\/\/flamenco-geneve.ch\/?page_id=4683","title":{"rendered":"Ev\u00e9nements"},"content":{"rendered":"\t\t<div data-elementor-type=\"wp-page\" data-elementor-id=\"4683\" class=\"elementor elementor-4683\" data-elementor-post-type=\"page\">\n\t\t\t\t\t\t<section class=\"elementor-section elementor-top-section elementor-element elementor-element-a2ca6eb elementor-section-boxed elementor-section-height-default elementor-section-height-default\" data-id=\"a2ca6eb\" data-element_type=\"section\">\n\t\t\t\t\t\t<div class=\"elementor-container elementor-column-gap-default\">\n\t\t\t\t\t<div class=\"elementor-column elementor-col-100 elementor-top-column elementor-element elementor-element-5b05ae7\" data-id=\"5b05ae7\" data-element_type=\"column\">\n\t\t\t<div class=\"elementor-widget-wrap elementor-element-populated\">\n\t\t\t\t\t\t<section class=\"elementor-section elementor-inner-section elementor-element elementor-element-0128c2d elementor-section-boxed elementor-section-height-default elementor-section-height-default\" data-id=\"0128c2d\" data-element_type=\"section\">\n\t\t\t\t\t\t<div class=\"elementor-container elementor-column-gap-default\">\n\t\t\t\t\t<div class=\"elementor-column elementor-col-50 elementor-inner-column elementor-element elementor-element-7b5520c\" data-id=\"7b5520c\" data-element_type=\"column\">\n\t\t\t<div class=\"elementor-widget-wrap elementor-element-populated\">\n\t\t\t\t\t\t<div class=\"elementor-element elementor-element-efcd282 elementor-align-center elementor-widget elementor-widget-button\" data-id=\"efcd282\" data-element_type=\"widget\" data-widget_type=\"button.default\">\n\t\t\t\t<div class=\"elementor-widget-container\">\n\t\t\t\t\t\t\t\t\t<div class=\"elementor-button-wrapper\">\n\t\t\t\t\t<a class=\"elementor-button elementor-button-link elementor-size-lg\" href=\"https:\/\/flamenco-geneve.ch\/?page_id=6492\">\n\t\t\t\t\t\t<span class=\"elementor-button-content-wrapper\">\n\t\t\t\t\t\t\t\t\t<span class=\"elementor-button-text\">Vos animations &amp; \u00e9v\u00e9nements ici !<\/span>\n\t\t\t\t\t<\/span>\n\t\t\t\t\t<\/a>\n\t\t\t\t<\/div>\n\t\t\t\t\t\t\t\t<\/div>\n\t\t\t\t<\/div>\n\t\t\t\t\t<\/div>\n\t\t<\/div>\n\t\t\t\t<div class=\"elementor-column elementor-col-50 elementor-inner-column elementor-element elementor-element-6dfb142\" data-id=\"6dfb142\" data-element_type=\"column\">\n\t\t\t<div class=\"elementor-widget-wrap elementor-element-populated\">\n\t\t\t\t\t\t<div class=\"elementor-element elementor-element-c6c1cff elementor-align-center elementor-widget elementor-widget-button\" data-id=\"c6c1cff\" data-element_type=\"widget\" data-widget_type=\"button.default\">\n\t\t\t\t<div class=\"elementor-widget-container\">\n\t\t\t\t\t\t\t\t\t<div class=\"elementor-button-wrapper\">\n\t\t\t\t\t<a class=\"elementor-button elementor-button-link elementor-size-lg\" href=\"https:\/\/flamenco-geneve.ch\/?page_id=6545\">\n\t\t\t\t\t\t<span class=\"elementor-button-content-wrapper\">\n\t\t\t\t\t\t\t\t\t<span class=\"elementor-button-text\">Nos \u00e9v\u00e9nements pass\u00e9s<\/span>\n\t\t\t\t\t<\/span>\n\t\t\t\t\t<\/a>\n\t\t\t\t<\/div>\n\t\t\t\t\t\t\t\t<\/div>\n\t\t\t\t<\/div>\n\t\t\t\t\t<\/div>\n\t\t<\/div>\n\t\t\t\t\t<\/div>\n\t\t<\/section>\n\t\t\t\t<div class=\"elementor-element elementor-element-7607968 elementor-widget elementor-widget-spacer\" data-id=\"7607968\" data-element_type=\"widget\" data-widget_type=\"spacer.default\">\n\t\t\t\t<div class=\"elementor-widget-container\">\n\t\t\t\t\t\t\t<div class=\"elementor-spacer\">\n\t\t\t<div class=\"elementor-spacer-inner\"><\/div>\n\t\t<\/div>\n\t\t\t\t\t\t<\/div>\n\t\t\t\t<\/div>\n\t\t\t\t<div class=\"elementor-element elementor-element-3c5ef71 elementor-widget-divider--view-line elementor-widget elementor-widget-divider\" data-id=\"3c5ef71\" data-element_type=\"widget\" data-widget_type=\"divider.default\">\n\t\t\t\t<div class=\"elementor-widget-container\">\n\t\t\t\t\t\t\t<div class=\"elementor-divider\">\n\t\t\t<span class=\"elementor-divider-separator\">\n\t\t\t\t\t\t<\/span>\n\t\t<\/div>\n\t\t\t\t\t\t<\/div>\n\t\t\t\t<\/div>\n\t\t\t\t<div class=\"elementor-element elementor-element-66e921b elementor-widget elementor-widget-heading\" data-id=\"66e921b\" data-element_type=\"widget\" data-widget_type=\"heading.default\">\n\t\t\t\t<div class=\"elementor-widget-container\">\n\t\t\t\t\t<h2 class=\"elementor-heading-title elementor-size-xl\">Actualit\u00e9s<\/h2>\t\t\t\t<\/div>\n\t\t\t\t<\/div>\n\t\t\t\t\t<\/div>\n\t\t<\/div>\n\t\t\t\t\t<\/div>\n\t\t<\/section>\n\t\t\t\t<section class=\"elementor-section elementor-top-section elementor-element elementor-element-6bb2b5e elementor-section-boxed elementor-section-height-default elementor-section-height-default\" data-id=\"6bb2b5e\" data-element_type=\"section\">\n\t\t\t\t\t\t<div class=\"elementor-container elementor-column-gap-default\">\n\t\t\t\t\t<div class=\"elementor-column elementor-col-100 elementor-top-column elementor-element elementor-element-7cc4425\" data-id=\"7cc4425\" data-element_type=\"column\">\n\t\t\t<div class=\"elementor-widget-wrap elementor-element-populated\">\n\t\t\t\t\t\t<div class=\"elementor-element elementor-element-5b46962 elementor-widget-divider--view-line elementor-widget elementor-widget-divider\" data-id=\"5b46962\" data-element_type=\"widget\" data-widget_type=\"divider.default\">\n\t\t\t\t<div class=\"elementor-widget-container\">\n\t\t\t\t\t\t\t<div class=\"elementor-divider\">\n\t\t\t<span class=\"elementor-divider-separator\">\n\t\t\t\t\t\t<\/span>\n\t\t<\/div>\n\t\t\t\t\t\t<\/div>\n\t\t\t\t<\/div>\n\t\t\t\t<div class=\"elementor-element elementor-element-41f60fa elementor-position-top elementor-widget elementor-widget-image-box\" data-id=\"41f60fa\" data-element_type=\"widget\" data-widget_type=\"image-box.default\">\n\t\t\t\t<div class=\"elementor-widget-container\">\n\t\t\t\t\t<div class=\"elementor-image-box-wrapper\"><figure class=\"elementor-image-box-img\"><img fetchpriority=\"high\" decoding=\"async\" width=\"1414\" height=\"2000\" src=\"https:\/\/flamenco-geneve.ch\/wp-content\/uploads\/2025\/09\/Visuel-reseaux2025-2026.png\" class=\"attachment-full size-full wp-image-6960\" alt=\"\" srcset=\"https:\/\/flamenco-geneve.ch\/wp-content\/uploads\/2025\/09\/Visuel-reseaux2025-2026.png 1414w, https:\/\/flamenco-geneve.ch\/wp-content\/uploads\/2025\/09\/Visuel-reseaux2025-2026-212x300.png 212w, https:\/\/flamenco-geneve.ch\/wp-content\/uploads\/2025\/09\/Visuel-reseaux2025-2026-724x1024.png 724w, https:\/\/flamenco-geneve.ch\/wp-content\/uploads\/2025\/09\/Visuel-reseaux2025-2026-768x1086.png 768w, https:\/\/flamenco-geneve.ch\/wp-content\/uploads\/2025\/09\/Visuel-reseaux2025-2026-600x849.png 600w, https:\/\/flamenco-geneve.ch\/wp-content\/uploads\/2025\/09\/Visuel-reseaux2025-2026-1086x1536.png 1086w, https:\/\/flamenco-geneve.ch\/wp-content\/uploads\/2025\/09\/Visuel-reseaux2025-2026-1320x1867.png 1320w\" sizes=\"(max-width: 1414px) 100vw, 1414px\" \/><\/figure><div class=\"elementor-image-box-content\"><h3 class=\"elementor-image-box-title\">Soleil Rouge 2025-2026<\/h3><p class=\"elementor-image-box-description\"><b>Cette saison, ce sont les danseuses de la Cie Flamenco-Gen\u00e8ve qui vous accueillent dans notre QG flamenco, qui pr\u00e9sentent et accompagnent les artistes programm\u00e9s.<\/b><br>8 novembre : Yolanda Almodovar (chant),  Miguel Calatayud (guitare), Melissa Salcedo &amp; Katia la Rubia (danse)<br>13 d\u00e9cembre \"soir\u00e9e sp\u00e9ciale de No\u00ebl -Tablao &amp; Zambomba\" : Andr\u00e9s Gil (chant), Manuel Castan (guitare), Antonio Perujo, Lisa &amp; Sandra (danse)<br>17 janvier : Carlos Lobo (chant), Miguel Calatayud (guitare), Maripaz Lucena &amp; Deborah (danse)<br>14 f\u00e9vrier : Carmen Yruela (chant), Miguel Calatayud (guitare), Laura Guastini &amp; Lea (danse)<br>14 mars : Antonio Heredia (chant), Manuel Castan (guitare), Javier Martos, Lea, Vanja &amp; Katia la Morena (danse)<br>2 mai : Andr\u00e9s Gil (chant), Manuel Castan (guitare), Jos\u00e9 Candela, Eva &amp; Laetitia (danse) <\/p><\/div><\/div>\t\t\t\t<\/div>\n\t\t\t\t<\/div>\n\t\t\t\t\t<\/div>\n\t\t<\/div>\n\t\t\t\t\t<\/div>\n\t\t<\/section>\n\t\t\t\t<section class=\"elementor-section elementor-top-section elementor-element elementor-element-75dd883 elementor-section-boxed elementor-section-height-default elementor-section-height-default\" data-id=\"75dd883\" data-element_type=\"section\">\n\t\t\t\t\t\t<div class=\"elementor-container elementor-column-gap-default\">\n\t\t\t\t\t<div class=\"elementor-column elementor-col-100 elementor-top-column elementor-element elementor-element-b4f78fb\" data-id=\"b4f78fb\" data-element_type=\"column\">\n\t\t\t<div class=\"elementor-widget-wrap elementor-element-populated\">\n\t\t\t\t\t\t<div class=\"elementor-element elementor-element-c911e34 elementor-widget-divider--view-line elementor-widget elementor-widget-divider\" data-id=\"c911e34\" data-element_type=\"widget\" data-widget_type=\"divider.default\">\n\t\t\t\t<div class=\"elementor-widget-container\">\n\t\t\t\t\t\t\t<div class=\"elementor-divider\">\n\t\t\t<span class=\"elementor-divider-separator\">\n\t\t\t\t\t\t<\/span>\n\t\t<\/div>\n\t\t\t\t\t\t<\/div>\n\t\t\t\t<\/div>\n\t\t\t\t\t<\/div>\n\t\t<\/div>\n\t\t\t\t\t<\/div>\n\t\t<\/section>\n\t\t\t\t<section class=\"elementor-section elementor-top-section elementor-element elementor-element-505432a elementor-section-boxed elementor-section-height-default elementor-section-height-default\" data-id=\"505432a\" data-element_type=\"section\">\n\t\t\t\t\t\t<div class=\"elementor-container elementor-column-gap-default\">\n\t\t\t\t\t<div class=\"elementor-column elementor-col-100 elementor-top-column elementor-element elementor-element-542f3da\" data-id=\"542f3da\" data-element_type=\"column\">\n\t\t\t<div class=\"elementor-widget-wrap elementor-element-populated\">\n\t\t\t\t\t\t<div class=\"elementor-element elementor-element-b0576de elementor-widget elementor-widget-image\" data-id=\"b0576de\" data-element_type=\"widget\" data-widget_type=\"image.default\">\n\t\t\t\t<div class=\"elementor-widget-container\">\n\t\t\t\t\t\t\t\t\t\t\t\t\t\t\t<img decoding=\"async\" width=\"525\" height=\"263\" src=\"https:\/\/flamenco-geneve.ch\/wp-content\/uploads\/2026\/02\/Banner-horizontal-1024x512.jpg\" class=\"attachment-large size-large wp-image-7079\" alt=\"\" srcset=\"https:\/\/flamenco-geneve.ch\/wp-content\/uploads\/2026\/02\/Banner-horizontal-1024x512.jpg 1024w, https:\/\/flamenco-geneve.ch\/wp-content\/uploads\/2026\/02\/Banner-horizontal-300x150.jpg 300w, https:\/\/flamenco-geneve.ch\/wp-content\/uploads\/2026\/02\/Banner-horizontal-768x384.jpg 768w, https:\/\/flamenco-geneve.ch\/wp-content\/uploads\/2026\/02\/Banner-horizontal-600x300.jpg 600w, https:\/\/flamenco-geneve.ch\/wp-content\/uploads\/2026\/02\/Banner-horizontal-1536x768.jpg 1536w, https:\/\/flamenco-geneve.ch\/wp-content\/uploads\/2026\/02\/Banner-horizontal-1320x660.jpg 1320w, https:\/\/flamenco-geneve.ch\/wp-content\/uploads\/2026\/02\/Banner-horizontal.jpg 2001w\" sizes=\"(max-width: 525px) 100vw, 525px\" \/>\t\t\t\t\t\t\t\t\t\t\t\t\t\t\t<\/div>\n\t\t\t\t<\/div>\n\t\t\t\t\t<\/div>\n\t\t<\/div>\n\t\t\t\t\t<\/div>\n\t\t<\/section>\n\t\t\t\t<section class=\"elementor-section elementor-top-section elementor-element elementor-element-8cc966a elementor-section-boxed elementor-section-height-default elementor-section-height-default\" data-id=\"8cc966a\" data-element_type=\"section\">\n\t\t\t\t\t\t<div class=\"elementor-container elementor-column-gap-default\">\n\t\t\t\t\t<div class=\"elementor-column elementor-col-100 elementor-top-column elementor-element elementor-element-000c123\" data-id=\"000c123\" data-element_type=\"column\">\n\t\t\t<div class=\"elementor-widget-wrap elementor-element-populated\">\n\t\t\t\t\t\t<div class=\"elementor-element elementor-element-347e333 elementor-widget elementor-widget-text-editor\" data-id=\"347e333\" data-element_type=\"widget\" data-widget_type=\"text-editor.default\">\n\t\t\t\t<div class=\"elementor-widget-container\">\n\t\t\t\t\t\t\t\t\t<p>Nous sommes tr\u00e8s heureux d&rsquo;\u00eatre cette ann\u00e9e encore, partenaire du Festival Flamenco N\u00f3mada dont la 4\u00e8me \u00e9dition se tiendra du 21 au 26 avril 2026 \u00e0 Gen\u00e8ve.<\/p><p>Retrouvez cette magnifique programmation en cliquant <a href=\"https:\/\/flamenconomada.com\/wp-content\/uploads\/2026\/01\/Grille_FN2026.pdf\">ici.<\/a><\/p><p>Nous vous recommandons le <a href=\"https:\/\/infomaniak.events\/fr-ch\/shop\/iv-festival-flamenco-nomada-78E4JK2N9K\/abo\/5674052\">PASS N\u00d3MADA !<\/a><\/p><p>Retrouvez \u00e9galement la <a href=\"https:\/\/flamenconomada.com\/billetterie2026\/\">billetterie<\/a> pour les \u00e9v\u00e9nements du festival, les workshops et masterclasses !<\/p>\t\t\t\t\t\t\t\t<\/div>\n\t\t\t\t<\/div>\n\t\t\t\t\t<\/div>\n\t\t<\/div>\n\t\t\t\t\t<\/div>\n\t\t<\/section>\n\t\t\t\t<\/div>\n\t\t","protected":false},"excerpt":{"rendered":"<p>Vos animations &amp; \u00e9v\u00e9nements ici ! Nos \u00e9v\u00e9nements pass\u00e9s Actualit\u00e9s Soleil Rouge 2025-2026 Cette saison, ce sont les danseuses de la Cie Flamenco-Gen\u00e8ve qui vous accueillent dans notre QG flamenco, qui pr\u00e9sentent et accompagnent les artistes programm\u00e9s.8 novembre : Yolanda Almodovar (chant), Miguel Calatayud (guitare), Melissa Salcedo &amp; Katia la Rubia (danse)13 d\u00e9cembre \u00ab\u00a0soir\u00e9e sp\u00e9ciale [&hellip;]<\/p>\n","protected":false},"author":1,"featured_media":0,"parent":0,"menu_order":0,"comment_status":"closed","ping_status":"closed","template":"","meta":{"_themeisle_gutenberg_block_has_review":false,"footnotes":""},"class_list":["post-4683","page","type-page","status-publish","hentry"],"_links":{"self":[{"href":"https:\/\/flamenco-geneve.ch\/index.php?rest_route=\/wp\/v2\/pages\/4683","targetHints":{"allow":["GET"]}}],"collection":[{"href":"https:\/\/flamenco-geneve.ch\/index.php?rest_route=\/wp\/v2\/pages"}],"about":[{"href":"https:\/\/flamenco-geneve.ch\/index.php?rest_route=\/wp\/v2\/types\/page"}],"author":[{"embeddable":true,"href":"https:\/\/flamenco-geneve.ch\/index.php?rest_route=\/wp\/v2\/users\/1"}],"replies":[{"embeddable":true,"href":"https:\/\/flamenco-geneve.ch\/index.php?rest_route=%2Fwp%2Fv2%2Fcomments&post=4683"}],"version-history":[{"count":173,"href":"https:\/\/flamenco-geneve.ch\/index.php?rest_route=\/wp\/v2\/pages\/4683\/revisions"}],"predecessor-version":[{"id":7083,"href":"https:\/\/flamenco-geneve.ch\/index.php?rest_route=\/wp\/v2\/pages\/4683\/revisions\/7083"}],"wp:attachment":[{"href":"https:\/\/flamenco-geneve.ch\/index.php?rest_route=%2Fwp%2Fv2%2Fmedia&parent=4683"}],"curies":[{"name":"wp","href":"https:\/\/api.w.org\/{rel}","templated":true}]}}